{"id":619,"date":"2022-04-25T01:40:02","date_gmt":"2022-04-25T01:40:02","guid":{"rendered":"https:\/\/architect.oceanwp.org\/?page_id=619"},"modified":"2024-04-09T13:05:11","modified_gmt":"2024-04-09T13:05:11","slug":"about-us","status":"publish","type":"page","link":"https:\/\/www.andex-rhp.org\/?page_id=619","title":{"rendered":"Qu\u00e9 hacemos"},"content":{"rendered":"\t\t<div data-elementor-type=\"wp-page\" data-elementor-id=\"619\" class=\"elementor elementor-619\">\n\t\t\t\t\t\t<section class=\"elementor-section elementor-top-section elementor-element elementor-element-c7bde32 elementor-section-height-min-height elementor-section-boxed elementor-section-height-default elementor-section-items-middle\" data-id=\"c7bde32\" data-element_type=\"section\" data-settings=\"{&quot;background_background&quot;:&quot;classic&quot;}\">\n\t\t\t\t\t\t\t<div class=\"elementor-background-overlay\"><\/div>\n\t\t\t\t\t\t\t<div class=\"elementor-container elementor-column-gap-default\">\n\t\t\t\t\t<div class=\"elementor-column elementor-col-100 elementor-top-column elementor-element elementor-element-8ca406c\" data-id=\"8ca406c\" data-element_type=\"column\">\n\t\t\t<div class=\"elementor-widget-wrap elementor-element-populated\">\n\t\t\t\t\t\t<div class=\"elementor-element elementor-element-fb64808 elementor-widget-divider--view-line elementor-invisible elementor-widget elementor-widget-divider\" data-id=\"fb64808\" data-element_type=\"widget\" data-settings=\"{&quot;_animation&quot;:&quot;fadeInDown&quot;}\" data-widget_type=\"divider.default\">\n\t\t\t\t<div class=\"elementor-widget-container\">\n\t\t\t\t\t\t\t<div class=\"elementor-divider\">\n\t\t\t<span class=\"elementor-divider-separator\">\n\t\t\t\t\t\t<\/span>\n\t\t<\/div>\n\t\t\t\t\t\t<\/div>\n\t\t\t\t<\/div>\n\t\t\t\t<div class=\"elementor-element elementor-element-5c316fb elementor-invisible elementor-widget elementor-widget-heading\" data-id=\"5c316fb\" data-element_type=\"widget\" data-settings=\"{&quot;_animation&quot;:&quot;fadeInUp&quot;}\" data-widget_type=\"heading.default\">\n\t\t\t\t<div class=\"elementor-widget-container\">\n\t\t\t\t\t<h1 class=\"elementor-heading-title elementor-size-xxl\">Qu\u00e9 hacemos<\/h1>\t\t\t\t<\/div>\n\t\t\t\t<\/div>\n\t\t\t\t\t<\/div>\n\t\t<\/div>\n\t\t\t\t\t<\/div>\n\t\t<\/section>\n\t\t\t\t<section class=\"elementor-section elementor-top-section elementor-element elementor-element-f4741c0 elementor-section-boxed elementor-section-height-default elementor-section-height-default elementor-invisible\" data-id=\"f4741c0\" data-element_type=\"section\" data-settings=\"{&quot;animation&quot;:&quot;fadeIn&quot;}\">\n\t\t\t\t\t\t<div class=\"elementor-container elementor-column-gap-default\">\n\t\t\t\t\t<div class=\"elementor-column elementor-col-100 elementor-top-column elementor-element elementor-element-040cb34\" data-id=\"040cb34\" data-element_type=\"column\">\n\t\t\t<div class=\"elementor-widget-wrap elementor-element-populated\">\n\t\t\t\t\t\t<div class=\"elementor-element elementor-element-c5c68ff elementor-widget elementor-widget-heading\" data-id=\"c5c68ff\" data-element_type=\"widget\" id=\"investigacion\" data-widget_type=\"heading.default\">\n\t\t\t\t<div class=\"elementor-widget-container\">\n\t\t\t\t\t<h1 class=\"elementor-heading-title elementor-size-default\">Mejorar la comprensi\u00f3n del sistema hidroclim\u00e1tico <br>y sus impactos en los Andes<\/h1>\t\t\t\t<\/div>\n\t\t\t\t<\/div>\n\t\t\t\t<div class=\"elementor-element elementor-element-4f91db1 elementor-widget elementor-widget-text-editor\" data-id=\"4f91db1\" data-element_type=\"widget\" data-widget_type=\"text-editor.default\">\n\t\t\t\t<div class=\"elementor-widget-container\">\n\t\t\t\t\t\t\t\t\t<p><span style=\"font-weight: 400;\">La investigaci\u00f3n cient\u00edfica relacionada con la comprensi\u00f3n de las interacciones entre los procesos hidrol\u00f3gicos, meteorol\u00f3gicos y atmosf\u00e9ricos en los Andes ha logrado avances significativos en los \u00faltimos tiempos. Adem\u00e1s, los adelantos tecnol\u00f3gicos han permitido mejorar el pron\u00f3stico hidrometeorol\u00f3gico y la predicci\u00f3n clim\u00e1tica.\u00a0<\/span><\/p><p><span style=\"font-weight: 400;\">Sin embargo, a\u00fan falta una comprensi\u00f3n integral del hidroclima andino, lo que se debe en parte a una red de monitoreo hidrometeorol\u00f3gico deficiente a lo largo de la cordillera. Una visi\u00f3n integradora de los procesos hidroclim\u00e1ticos b\u00e1sicos y de la variabilidad clim\u00e1tica en los Andes es crucial para enfrentar los retos que plantean fen\u00f3menos como el cambio clim\u00e1tico antropog\u00e9nico, los cambios de uso del suelo, y la deforestaci\u00f3n.<\/span><\/p>\t\t\t\t\t\t\t\t<\/div>\n\t\t\t\t<\/div>\n\t\t\t\t<div class=\"elementor-element elementor-element-e02df42 elementor-widget elementor-widget-heading\" data-id=\"e02df42\" data-element_type=\"widget\" id=\"ciencia\" data-widget_type=\"heading.default\">\n\t\t\t\t<div class=\"elementor-widget-container\">\n\t\t\t\t\t<h2 class=\"elementor-heading-title elementor-size-large\">Ciencia al servicio de la sociedad <\/h2>\t\t\t\t<\/div>\n\t\t\t\t<\/div>\n\t\t\t\t<div class=\"elementor-element elementor-element-d4a689d elementor-widget elementor-widget-text-editor\" data-id=\"d4a689d\" data-element_type=\"widget\" data-widget_type=\"text-editor.default\">\n\t\t\t\t<div class=\"elementor-widget-container\">\n\t\t\t\t\t\t\t\t\t<p><span style=\"font-weight: 400;\">ANDEX identifica dos grandes desaf\u00edos cient\u00edficos de relevancia para los Andes:<\/span><\/p>\t\t\t\t\t\t\t\t<\/div>\n\t\t\t\t<\/div>\n\t\t\t\t<div class=\"elementor-element elementor-element-fb03c1a elementor-icon-list--layout-traditional elementor-list-item-link-full_width elementor-widget elementor-widget-icon-list\" data-id=\"fb03c1a\" data-element_type=\"widget\" data-widget_type=\"icon-list.default\">\n\t\t\t\t<div class=\"elementor-widget-container\">\n\t\t\t\t\t\t\t<ul class=\"elementor-icon-list-items\">\n\t\t\t\t\t\t\t<li class=\"elementor-icon-list-item\">\n\t\t\t\t\t\t\t\t\t\t\t<span class=\"elementor-icon-list-icon\">\n\t\t\t\t\t\t\t<i aria-hidden=\"true\" class=\"fas fa-minus\"><\/i>\t\t\t\t\t\t<\/span>\n\t\t\t\t\t\t\t\t\t\t<span class=\"elementor-icon-list-text\">Mejorar la seguridad h\u00eddrica para las poblaciones andinas.<\/span>\n\t\t\t\t\t\t\t\t\t<\/li>\n\t\t\t\t\t\t<\/ul>\n\t\t\t\t\t\t<\/div>\n\t\t\t\t<\/div>\n\t\t\t\t<div class=\"elementor-element elementor-element-532a81f elementor-icon-list--layout-traditional elementor-list-item-link-full_width elementor-widget elementor-widget-icon-list\" data-id=\"532a81f\" data-element_type=\"widget\" data-widget_type=\"icon-list.default\">\n\t\t\t\t<div class=\"elementor-widget-container\">\n\t\t\t\t\t\t\t<ul class=\"elementor-icon-list-items\">\n\t\t\t\t\t\t\t<li class=\"elementor-icon-list-item\">\n\t\t\t\t\t\t\t\t\t\t\t<span class=\"elementor-icon-list-icon\">\n\t\t\t\t\t\t\t<i aria-hidden=\"true\" class=\"fas fa-minus\"><\/i>\t\t\t\t\t\t<\/span>\n\t\t\t\t\t\t\t\t\t\t<span class=\"elementor-icon-list-text\">Reducir los riesgos asociados a eventos hidroclim\u00e1ticos de alto impacto.<\/span>\n\t\t\t\t\t\t\t\t\t<\/li>\n\t\t\t\t\t\t<\/ul>\n\t\t\t\t\t\t<\/div>\n\t\t\t\t<\/div>\n\t\t\t\t<div class=\"elementor-element elementor-element-b994852 elementor-widget elementor-widget-text-editor\" data-id=\"b994852\" data-element_type=\"widget\" data-widget_type=\"text-editor.default\">\n\t\t\t\t<div class=\"elementor-widget-container\">\n\t\t\t\t\t\t\t\t\t<p><span style=\"font-weight: 400;\">Para abordar estos desaf\u00edos es crucial realizar estudios innovadores que ayuden a dise\u00f1ar herramientas y soluciones basadas en evidencia cient\u00edfica y que permitan fortalecer la resiliencia y la capacidad de adaptaci\u00f3n de los pa\u00edses andinos, as\u00ed como preservar su inigualable biodiversidad.<\/span><\/p>\t\t\t\t\t\t\t\t<\/div>\n\t\t\t\t<\/div>\n\t\t\t\t<div class=\"elementor-element elementor-element-900354c elementor-widget elementor-widget-heading\" data-id=\"900354c\" data-element_type=\"widget\" id=\"red-cientifica\" data-widget_type=\"heading.default\">\n\t\t\t\t<div class=\"elementor-widget-container\">\n\t\t\t\t\t<h2 class=\"elementor-heading-title elementor-size-large\">Red Cient\u00edfica Interdisciplinaria<\/h2>\t\t\t\t<\/div>\n\t\t\t\t<\/div>\n\t\t\t\t<div class=\"elementor-element elementor-element-de7f552 elementor-widget elementor-widget-text-editor\" data-id=\"de7f552\" data-element_type=\"widget\" data-widget_type=\"text-editor.default\">\n\t\t\t\t<div class=\"elementor-widget-container\">\n\t\t\t\t\t\t\t\t\t<p><span style=\"font-weight: 400;\">ANDEX se organiza en equipos disciplinarios (ED), l\u00edneas transversales (LT) y servicios integradores (SI). Los ED, LT y SI agrupan especialistas en distintas \u00e1reas de la ciencia que trabajan activamente en relaci\u00f3n con los pa\u00edses andinos. La estructura del programa, as\u00ed como las tareas de los distintos grupos de especialistas, tienen como fundamento los dos grandes <\/span><a href=\"#ciencia\"><span style=\"font-weight: 400; color: #264773;\"><strong>desaf\u00edos cient\u00edficos<\/strong><\/span><\/a><span style=\"font-weight: 400;\"> identificados para la regi\u00f3n.<\/span><\/p>\t\t\t\t\t\t\t\t<\/div>\n\t\t\t\t<\/div>\n\t\t\t\t<div class=\"elementor-element elementor-element-35561df elementor-widget elementor-widget-image\" data-id=\"35561df\" data-element_type=\"widget\" data-widget_type=\"image.default\">\n\t\t\t\t<div class=\"elementor-widget-container\">\n\t\t\t\t\t\t\t\t\t\t\t\t\t\t\t<img fetchpriority=\"high\" decoding=\"async\" width=\"768\" height=\"768\" src=\"https:\/\/www.andex-rhp.org\/wp-content\/uploads\/2024\/03\/QueHacemos_fig1-768x768.png\" class=\"attachment-medium_large size-medium_large wp-image-2518\" alt=\"Qu\u00e9_hacemos\" srcset=\"https:\/\/www.andex-rhp.org\/wp-content\/uploads\/2024\/03\/QueHacemos_fig1-768x768.png 768w, https:\/\/www.andex-rhp.org\/wp-content\/uploads\/2024\/03\/QueHacemos_fig1-300x300.png 300w, https:\/\/www.andex-rhp.org\/wp-content\/uploads\/2024\/03\/QueHacemos_fig1-1024x1024.png 1024w, https:\/\/www.andex-rhp.org\/wp-content\/uploads\/2024\/03\/QueHacemos_fig1-150x150.png 150w, https:\/\/www.andex-rhp.org\/wp-content\/uploads\/2024\/03\/QueHacemos_fig1-1536x1536.png 1536w, https:\/\/www.andex-rhp.org\/wp-content\/uploads\/2024\/03\/QueHacemos_fig1-2048x2048.png 2048w, https:\/\/www.andex-rhp.org\/wp-content\/uploads\/2024\/03\/QueHacemos_fig1-600x600.png 600w\" sizes=\"(max-width: 768px) 100vw, 768px\" \/>\t\t\t\t\t\t\t\t\t\t\t\t\t\t\t<\/div>\n\t\t\t\t<\/div>\n\t\t\t\t\t<\/div>\n\t\t<\/div>\n\t\t\t\t\t<\/div>\n\t\t<\/section>\n\t\t\t\t<section class=\"elementor-section elementor-top-section elementor-element elementor-element-15bad09 elementor-section-boxed elementor-section-height-default elementor-section-height-default\" data-id=\"15bad09\" data-element_type=\"section\" id=\"equipos-disciplinares\">\n\t\t\t\t\t\t<div class=\"elementor-container elementor-column-gap-default\">\n\t\t\t\t\t<div class=\"elementor-column elementor-col-100 elementor-top-column elementor-element elementor-element-7f1f5c7\" data-id=\"7f1f5c7\" data-element_type=\"column\">\n\t\t\t<div class=\"elementor-widget-wrap elementor-element-populated\">\n\t\t\t\t\t\t<div class=\"elementor-element elementor-element-184eedb elementor-widget elementor-widget-spacer\" data-id=\"184eedb\" data-element_type=\"widget\" data-widget_type=\"spacer.default\">\n\t\t\t\t<div class=\"elementor-widget-container\">\n\t\t\t\t\t\t\t<div class=\"elementor-spacer\">\n\t\t\t<div class=\"elementor-spacer-inner\"><\/div>\n\t\t<\/div>\n\t\t\t\t\t\t<\/div>\n\t\t\t\t<\/div>\n\t\t\t\t\t<\/div>\n\t\t<\/div>\n\t\t\t\t\t<\/div>\n\t\t<\/section>\n\t\t\t\t<section class=\"elementor-section elementor-top-section elementor-element elementor-element-6c8b84e elementor-section-boxed elementor-section-height-default elementor-section-height-default\" data-id=\"6c8b84e\" data-element_type=\"section\">\n\t\t\t\t\t\t<div class=\"elementor-container elementor-column-gap-custom\">\n\t\t\t\t\t<div class=\"elementor-column elementor-col-50 elementor-top-column elementor-element elementor-element-46e0ee8\" data-id=\"46e0ee8\" data-element_type=\"column\" data-settings=\"{&quot;background_background&quot;:&quot;classic&quot;}\">\n\t\t\t<div class=\"elementor-widget-wrap elementor-element-populated\">\n\t\t\t\t\t<div class=\"elementor-background-overlay\"><\/div>\n\t\t\t\t\t\t<div class=\"elementor-element elementor-element-95bc3f7 elementor-widget elementor-widget-heading\" data-id=\"95bc3f7\" data-element_type=\"widget\" id=\"equipos-disciplinares\" data-widget_type=\"heading.default\">\n\t\t\t\t<div class=\"elementor-widget-container\">\n\t\t\t\t\t<h2 class=\"elementor-heading-title elementor-size-medium\">Equipos Disciplinares<\/h2>\t\t\t\t<\/div>\n\t\t\t\t<\/div>\n\t\t\t\t<div class=\"elementor-element elementor-element-046e2f8 elementor-widget elementor-widget-text-editor\" data-id=\"046e2f8\" data-element_type=\"widget\" data-widget_type=\"text-editor.default\">\n\t\t\t\t<div class=\"elementor-widget-container\">\n\t\t\t\t\t\t\t\t\t<span style=\"font-weight: 400; color: #f2f2f2; font-size: 18px;\">Investigaci\u00f3n cient\u00edfica orientada a la comprensi\u00f3n de las interacciones entre los procesos inherentes a la cri\u00f3sfera andina y su relaci\u00f3n con los patrones y cambios clim\u00e1ticos, ambientales y ecol\u00f3gicos, as\u00ed como con su dimensi\u00f3n pol\u00edtica y de gobernanza.<\/span>\t\t\t\t\t\t\t\t<\/div>\n\t\t\t\t<\/div>\n\t\t\t\t\t<\/div>\n\t\t<\/div>\n\t\t\t\t<div class=\"elementor-column elementor-col-50 elementor-top-column elementor-element elementor-element-c001b02\" data-id=\"c001b02\" data-element_type=\"column\" data-settings=\"{&quot;background_background&quot;:&quot;classic&quot;}\">\n\t\t\t<div class=\"elementor-widget-wrap elementor-element-populated\">\n\t\t\t\t\t\t<div class=\"elementor-element elementor-element-4129762 elementor-widget elementor-widget-html\" data-id=\"4129762\" data-element_type=\"widget\" data-widget_type=\"html.default\">\n\t\t\t\t<div class=\"elementor-widget-container\">\n\t\t\t\t\t<!DOCTYPE html>\r\n<html lang=\"en\">\r\n<head>\r\n<meta charset=\"UTF-8\">\r\n<meta name=\"viewport\" content=\"width=device-width, initial-scale=1.0\">\r\n<title>Popup con un p\u00e1rrafo<\/title>\r\n<link rel=\"stylesheet\" href=\"styles.css\">\r\n<\/head>\r\n<body>\r\n    <style>\r\n       \r\n.button_ELS {\r\n  padding: 10px 20px;\r\n  background-color: #f2f2f2;\r\n  color: #264773 !important;\r\n  border-radius: 20px;\r\n  cursor: pointer;\r\n  transition: background-color 0.5s;\r\n}\r\n\r\n.button_ELS:hover {\r\n    background-color: #264773;\r\n    color: #f2f2f2 !important;\r\n}\r\n\r\n.button-azul {\r\n  padding: 10px 20px;\r\n  background-color: #f2f2f2;\r\n  color: #264773 !important;\r\n  border-radius: 20px;\r\n  cursor: pointer;\r\n  transition: background-color 0.5s;\r\n}\r\n\r\n.button-azul:hover {\r\n    background-color: #208c46;\r\n    color: #f2f2f2 !important;\r\n}\r\n\r\n\/* Estilos para el modal (popup) *\/\r\n.modal {\r\n  display: none; \r\n  position: fixed; \r\n  z-index: 1; \r\n  left: 0;\r\n  top: 0;\r\n  width: 100%; \r\n  height: 100%; \r\n  overflow: auto; \r\n  background-color: #f2f2f2; \r\n}\r\n\r\n\/* Contenido del modal *\/\r\n.modal-content {\r\n  background-color: #fefefe;\r\n  margin: 0 auto; \r\n  padding: 40px;\r\n  border: 1px solid #888;\r\n  width: 80%; \r\n  position: relative;\r\n}\r\n\r\n\/* Bot\u00f3n para cerrar el modal *\/\r\n.close_E1, .close_E2, .close_E3, .close_E4 {\r\n  color: #208c46 !important;\r\n  position: absolute;\r\n  top: 10px;\r\n  right: 30px;\r\n  font-size: 28px;\r\n  font-weight: bold;\r\n}\r\n\r\n.close_E1:hover, \r\n.close_E1:focus,\r\n.close_E2:hover, \r\n.close_E2:focus,\r\n.close_E3:hover, \r\n.close_E3:focus,\r\n.close_E4:hover, \r\n.close_E4:focus {\r\n  color: #264773 !important;\r\n  text-decoration: none;\r\n  cursor: pointer;\r\n}\r\n\r\n.card4, .card5, .card6, .card7 {\r\n     padding: 3.5rem;\r\n}\r\n\r\n.card4 {\r\n    background-color: #71c6d9;\r\n    border-radius: 0 10 0 0;\r\n}\r\n\r\n.card5 {\r\n    background-color: #208c46;\r\n}\r\n\r\n.card6 {\r\n    background-color: #264773;\r\n}\r\n\r\n.card7 {\r\n    background-color: #d9d055;\r\n    border-radius: 0 0 10 0;\r\n}\r\n\r\n.titulo_card {\r\n    color: #f2f2f2;\r\n}\r\n\r\n.p-corto {\r\n    color: #f2f2f2;\r\n    font-size: 1.7rem\r\n}\r\n\r\n.p-modal {\r\n    color: #264773;\r\n    padding: 40px;\r\n}\r\n\r\n#titulo-lineas {\r\n    background-color: #f2f2f2\r\n}\r\n\r\n.button_ELS, \r\n.titulo_card, \r\n.p-corto,\r\n.button-azul{\r\n    font-family: poppins;\r\n} \r\n\r\n    <\/style>\r\n<div class=\"card4\">\r\n<h2 class=\"titulo_card\">\r\n    Procesos clim\u00e1ticos y meteorol\u00f3gicos\r\n\r\n<\/h2>\r\n<p class=\"p-corto\">Aborda los diferentes fen\u00f3menos que afectan la hidroclimatolog\u00eda andina, considerando su interacci\u00f3n con los distintos componentes del sistema clim\u00e1tico...<\/p>\r\n<a id=\"button_E1\" class=\"button_ELS\">Ver m\u00e1s<\/a>\r\n\r\n<div id=\"miMod_E1\" class=\"modal\">\r\n  <div class=\"modal-content\">\r\n    <span class=\"close_E1\">&times;<\/span>\r\n    <p class=\"p-modal\">Aborda los diferentes fen\u00f3menos que afectan la hidroclimatolog\u00eda andina, considerando su interacci\u00f3n con los distintos componentes del sistema clim\u00e1tico (bi\u00f3sfera, cri\u00f3sfera, hidr\u00f3sfera, etc.). Se trabajan diferentes escalas espaciales, desde fen\u00f3menos globales (cambio clim\u00e1tico, El Ni\u00f1o, etc.) y regionales (interacci\u00f3n Andes-Amazon\u00eda), hasta factores locales (brisas de valles, glaciares, efectos topogr\u00e1ficos, ciudades, etc.). \r\n<\/p>\r\n  <\/div>\r\n<\/div>\r\n<\/div>\r\n\r\n<div class=\"card5\">\r\n<h2 class=\"titulo_card\">\r\n    Cambios ambientales y ecol\u00f3gicos\r\n\r\n<\/h2>\r\n<p class=\"p-corto\">Analiza las alteraciones ocurridas en el ambiente y ecosistemas andinos, desde escalas paleoclim\u00e1ticas hasta el per\u00edodo observacional ...<\/p>\r\n<a id=\"button_E2\" class=\"button_ELS\">Ver m\u00e1s<\/a>\r\n\r\n<div id=\"miMod_E2\" class=\"modal\">\r\n  <div class=\"modal-content\">\r\n    <span class=\"close_E2\">&times;<\/span>\r\n    <p class=\"p-modal\">Analiza las alteraciones ocurridas en el ambiente y ecosistemas andinos, desde escalas paleoclim\u00e1ticas hasta el per\u00edodo observacional (\u00faltimos 50-100 a\u00f1os), su relaci\u00f3n con cambios globales (e.g. cambio clim\u00e1tico) y actividades antr\u00f3picas (e.g. deforestaci\u00f3n, ciudades). Aborda las proyecciones futuras de los ecosistemas andinos en relaci\u00f3n con el cambio clim\u00e1tico e intervenci\u00f3n humana futuras.\r\n<\/p>\r\n  <\/div>\r\n<\/div>\r\n<\/div>\r\n\r\n<div class=\"card6\">\r\n<h2 class=\"titulo_card\">\r\n    Recursos H\u00eddricos y Cri\u00f3sfera\r\n<\/h2>\r\n<p class=\"p-corto\">Aborda diversos procesos hidrol\u00f3gicos y glaciarios en los Andes y su interacci\u00f3n con regiones vecinas en el marco del ciclo hidrol\u00f3gico...<\/p>\r\n<a id=\"button_E3\" class=\"button-azul\">Ver m\u00e1s<\/a>\r\n\r\n<div id=\"miMod_E3\" class=\"modal\">\r\n  <div class=\"modal-content\">\r\n    <span class=\"close_E3\">&times;<\/span>\r\n    <p class=\"p-modal\">Aborda diversos procesos hidrol\u00f3gicos y glaciarios en los Andes y su interacci\u00f3n con regiones vecinas en el marco del ciclo hidrol\u00f3gico. Se toman en cuenta diferentes aspectos del r\u00e9gimen hidrol\u00f3gico que modulan la disponibilidad h\u00eddrica para las poblaciones y ecosistemas andinos. Se interesa adem\u00e1s en facilitar el acceso a estudios y datos hidroclim\u00e1ticos y glaciarios en los Andes, y en mejorar el entendimiento y pron\u00f3stico de eventos de alto impacto (movimientos de masas, inundaciones, sequ\u00edas, etc.).\r\n<\/p>\r\n  <\/div>\r\n<\/div>\r\n<\/div>\r\n\r\n<div class=\"card7\">\r\n<h2 class=\"titulo_card\">\r\n    Gobernanza y Pol\u00edtica\r\n<\/h2>\r\n<p class=\"p-corto\">Se interesa principalmente en la relaci\u00f3n ciencia-pol\u00edtica, proponiendo estrategias para hacer m\u00e1s eficaz el trabajo cient\u00edfico frente a las necesidades de la poblaci\u00f3n andina y la toma de decisiones...<\/p>\r\n<a id=\"button_E4\" class=\"button_ELS\">Ver m\u00e1s<\/a>\r\n\r\n<div id=\"miMod_E4\" class=\"modal\">\r\n  <div class=\"modal-content\">\r\n    <span class=\"close_E4\">&times;<\/span>\r\n    <p class=\"p-modal\">Se interesa principalmente en la relaci\u00f3n ciencia-pol\u00edtica, proponiendo estrategias para hacer m\u00e1s eficaz el trabajo cient\u00edfico frente a las necesidades de la poblaci\u00f3n andina y la toma de decisiones. Busca definir herramientas que ayuden a la toma de decisiones con base al conocimiento cient\u00edfico y a la co-construcci\u00f3n de temas prioritarios de investigaci\u00f3n.\r\n\r\n<\/p>\r\n  <\/div>\r\n<\/div>\r\n<\/div>\r\n\r\n\r\n\r\n<script>\r\n    \/\/ Obtener el bot\u00f3n y el modal\r\nvar btn_E1 = document.getElementById(\"button_E1\");\r\nvar modal_E1 = document.getElementById(\"miMod_E1\");\r\n\r\nvar btn_E2 = document.getElementById(\"button_E2\");\r\nvar modal_E2 = document.getElementById(\"miMod_E2\");\r\n\r\nvar btn_E3 = document.getElementById(\"button_E3\");\r\nvar modal_E3 = document.getElementById(\"miMod_E3\");\r\n\r\nvar btn_E4 = document.getElementById(\"button_E4\");\r\nvar modal_E4 = document.getElementById(\"miMod_E4\");\r\n\r\n\/\/ Obtener el elemento <span> que cierra el modal\r\nvar span_E1 = document.getElementsByClassName(\"close_E1\")[0];\r\nvar span_E2 = document.getElementsByClassName(\"close_E2\")[0];\r\nvar span_E3 = document.getElementsByClassName(\"close_E3\")[0];\r\nvar span_E4 = document.getElementsByClassName(\"close_E4\")[0];\r\n\r\n\/\/ Cuando el usuario hace clic en el bot\u00f3n, abre el modal\r\nbtn_E1.onclick = function() {\r\n  modal_E1.style.display = \"block\";\r\n}\r\n\r\nbtn_E2.onclick = function() {\r\n  modal_E2.style.display = \"block\";\r\n}\r\n\r\nbtn_E3.onclick = function() {\r\n  modal_E3.style.display = \"block\";\r\n}\r\n\r\nbtn_E4.onclick = function() {\r\n  modal_E4.style.display = \"block\";\r\n}\r\n\r\n\/\/ Cuando el usuario hace clic en <span> (x), cierra el modal\r\n\r\nspan_E1.onclick = function() {\r\n  modal_E1.style.display = \"none\";\r\n}\r\n\r\nspan_E2.onclick = function() {\r\n  modal_E2.style.display = \"none\";\r\n}\r\n\r\nspan_E3.onclick = function() {\r\n  modal_E3.style.display = \"none\";\r\n}\r\n\r\nspan_E4.onclick = function() {\r\n  modal_E4.style.display = \"none\";\r\n}\r\n\r\n\/\/ Cuando el usuario hace clic fuera del modal, tambi\u00e9n lo cierra\r\nwindow.onclick = function(event) {\r\n  if (event.target == modal_E1) {\r\n    modal_E1.style.display = \"none\";\r\n  }\r\n\r\n  else if (event.target == modal_E2) {\r\n    modal_E2.style.display = \"none\";\r\n  }\r\n\r\n  else if (event.target == modal_E3) {\r\n    modal_E3.style.display = \"none\";\r\n  }\r\n\r\n  else if (event.target == modal_E4) {\r\n    modal_E4.style.display = \"none\";\r\n  } else {\r\n      event.stopPropagation ();\r\n  }\r\n}\r\n\r\n<\/script>\r\n\r\n<\/body>\r\n<\/html>\r\n\t\t\t\t<\/div>\n\t\t\t\t<\/div>\n\t\t\t\t\t<\/div>\n\t\t<\/div>\n\t\t\t\t\t<\/div>\n\t\t<\/section>\n\t\t\t\t<section class=\"elementor-section elementor-top-section elementor-element elementor-element-591f208 elementor-section-boxed elementor-section-height-default elementor-section-height-default\" data-id=\"591f208\" data-element_type=\"section\" id=\"lineas-transversales\">\n\t\t\t\t\t\t<div class=\"elementor-container elementor-column-gap-default\">\n\t\t\t\t\t<div class=\"elementor-column elementor-col-100 elementor-top-column elementor-element elementor-element-fda51d8\" data-id=\"fda51d8\" data-element_type=\"column\">\n\t\t\t<div class=\"elementor-widget-wrap elementor-element-populated\">\n\t\t\t\t\t\t<div class=\"elementor-element elementor-element-d72a0ae elementor-widget elementor-widget-spacer\" data-id=\"d72a0ae\" data-element_type=\"widget\" data-widget_type=\"spacer.default\">\n\t\t\t\t<div class=\"elementor-widget-container\">\n\t\t\t\t\t\t\t<div class=\"elementor-spacer\">\n\t\t\t<div class=\"elementor-spacer-inner\"><\/div>\n\t\t<\/div>\n\t\t\t\t\t\t<\/div>\n\t\t\t\t<\/div>\n\t\t\t\t\t<\/div>\n\t\t<\/div>\n\t\t\t\t\t<\/div>\n\t\t<\/section>\n\t\t\t\t<section class=\"elementor-section elementor-top-section elementor-element elementor-element-a3e1228 elementor-section-boxed elementor-section-height-default elementor-section-height-default\" data-id=\"a3e1228\" data-element_type=\"section\">\n\t\t\t\t\t\t<div class=\"elementor-container elementor-column-gap-custom\">\n\t\t\t\t\t<div class=\"elementor-column elementor-col-50 elementor-top-column elementor-element elementor-element-24f3055 lineas-transversales-revertir\" data-id=\"24f3055\" data-element_type=\"column\" data-settings=\"{&quot;background_background&quot;:&quot;classic&quot;}\">\n\t\t\t<div class=\"elementor-widget-wrap elementor-element-populated\">\n\t\t\t\t\t<div class=\"elementor-background-overlay\"><\/div>\n\t\t\t\t\t\t<div class=\"elementor-element elementor-element-a311154 elementor-widget elementor-widget-heading\" data-id=\"a311154\" data-element_type=\"widget\" data-widget_type=\"heading.default\">\n\t\t\t\t<div class=\"elementor-widget-container\">\n\t\t\t\t\t<h2 class=\"elementor-heading-title elementor-size-medium\">L\u00edneas Transversales<\/h2>\t\t\t\t<\/div>\n\t\t\t\t<\/div>\n\t\t\t\t<div class=\"elementor-element elementor-element-5702d3c elementor-widget elementor-widget-text-editor\" data-id=\"5702d3c\" data-element_type=\"widget\" data-widget_type=\"text-editor.default\">\n\t\t\t\t<div class=\"elementor-widget-container\">\n\t\t\t\t\t\t\t\t\t<span style=\"font-weight: 400; color: #fff; font-size: 18px;\">Grupos interdisciplinarios de especialistas que interact\u00faan y colaboran con los Equipos Disciplinares para integrar, facilitar y orientar sus tareas y resultados dentro del marco de los dos grandes desaf\u00edos identificados para los Andes.<\/span>\t\t\t\t\t\t\t\t<\/div>\n\t\t\t\t<\/div>\n\t\t\t\t\t<\/div>\n\t\t<\/div>\n\t\t\t\t<div class=\"elementor-column elementor-col-50 elementor-top-column elementor-element elementor-element-07c7bd0 cuadros-revertir\" data-id=\"07c7bd0\" data-element_type=\"column\" data-settings=\"{&quot;background_background&quot;:&quot;classic&quot;}\">\n\t\t\t<div class=\"elementor-widget-wrap elementor-element-populated\">\n\t\t\t\t\t\t<div class=\"elementor-element elementor-element-2d5fd4a elementor-widget elementor-widget-html\" data-id=\"2d5fd4a\" data-element_type=\"widget\" data-widget_type=\"html.default\">\n\t\t\t\t<div class=\"elementor-widget-container\">\n\t\t\t\t\t<!DOCTYPE html>\r\n<html lang=\"en\">\r\n<head>\r\n<meta charset=\"UTF-8\">\r\n<meta name=\"viewport\" content=\"width=device-width, initial-scale=1.0\">\r\n<title>Popup con un p\u00e1rrafo<\/title>\r\n<link rel=\"stylesheet\" href=\"styles.css\">\r\n<\/head>\r\n<body>\r\n    <style>\r\n       \r\n.button_ELS {\r\n  padding: 10px 20px;\r\n  background-color: #f2f2f2;\r\n  color: #264773 !important;\r\n  border-radius: 20px;\r\n  cursor: pointer;\r\n  transition: background-color 0.5s;\r\n}\r\n\r\n.button_ELS:hover {\r\n    background-color: #264773;\r\n    color: #f2f2f2 !important;\r\n}\r\n\r\n\/* Estilos para el modal (popup) *\/\r\n.modal {\r\n  display: none; \r\n  position: fixed; \r\n  z-index: 1; \r\n  left: 0;\r\n  top: 0;\r\n  width: 100%; \r\n  height: 100%; \r\n  overflow: auto; \r\n  background-color: rgb(0,0,0); \r\n  background-color: rgba(0,0,0,0.4); \r\n}\r\n\r\n\/* Contenido del modal *\/\r\n.modal-content {\r\n  background-color: #fefefe;\r\n  margin: 15% auto; \r\n  padding: 20px;\r\n  border: 1px solid #888;\r\n  width: 80%; \r\n}\r\n\r\n\/* Bot\u00f3n para cerrar el modal *\/\r\n.close_L1, .close_L2, .close_L3 {\r\n  color: #208c46 !important;\r\n  position: absolute;\r\n  top: 10px;\r\n  right: 30px;\r\n  font-size: 28px;\r\n  font-weight: bold;\r\n}\r\n\r\n.close_L1:hover, \r\n.close_L1:focus,\r\n.close_L2:hover, \r\n.close_L2:focus,\r\n.close_L3:hover, \r\n.close_L3:focus {\r\n  color: #264773 !important;\r\n  text-decoration: none;\r\n  cursor: pointer;\r\n}\r\n\r\n.card4, .card5, .card6 {\r\n     padding: 3.5rem;\r\n}\r\n\r\n.card4 {\r\n    background-color: #71c6d9;\r\n}\r\n\r\n.card5 {\r\n    background-color: #208c46;\r\n}\r\n\r\n.card6 {\r\n    background-color: #264773;\r\n}\r\n\r\n.titulo_card {\r\n    color: #f2f2f2;\r\n    font-size: 20px !important;\r\n}\r\n\r\n.p-corto {\r\n    color: #f2f2f2;\r\n    font-size: 1.4rem\r\n}\r\n\r\n.p-modal {\r\n    color: #264773;\r\n}\r\n\r\n#titulo-lineas {\r\n    background-color: #f2f2f2\r\n}\r\n\r\n.button-azul {\r\n  padding: 10px 20px;\r\n  background-color: #f2f2f2;\r\n  color: #264773 !important;\r\n  border-radius: 20px;\r\n  cursor: pointer;\r\n  transition: background-color 0.5s;\r\n}\r\n\r\n.button-azul:hover {\r\n    background-color: #208c46;\r\n    color: #f2f2f2 !important;\r\n}\r\n\r\n    <\/style>\r\n<div class=\"card4\">\r\n<h2 class=\"titulo_card\">\r\n    Ciencia como Base para el Desarrollo Sostenible\r\n\r\n<\/h2>\r\n<p class=\"p-corto\">Articula con los diferentes Equipos Disciplinares para el desarrollo de una ciencia basada en principios del desarrollo sostenible...<\/p>\r\n<a id=\"button_L1\" class=\"button_ELS\">Ver m\u00e1s<\/a>\r\n\r\n<div id=\"miMod_L1\" class=\"modal\">\r\n  <div class=\"modal-content\">\r\n    <span class=\"close_L1\">&times;<\/span>\r\n    <p class=\"p-modal\">Articula con los diferentes Equipos Disciplinares para el desarrollo de una ciencia basada en principios del desarrollo sostenible. Investiga una amplia gama de campos naturales, sociales y de ingenier\u00eda sobre la sostenibilidad, sus dimensiones pol\u00edticas y posibles soluciones. Se enfoca en comprender c\u00f3mo garantizar el bienestar actual y futuro de la poblaci\u00f3n andina dentro de los l\u00edmites de la sostenibilidad del planeta.\r\n<\/p>\r\n  <\/div>\r\n<\/div>\r\n<\/div>\r\n\r\n<div class=\"card5\">\r\n<h2 class=\"titulo_card\">\r\n    Observaciones y Datos\r\n\r\n<\/h2>\r\n<p class=\"p-corto\">Se plantean los desaf\u00edos y posibles soluciones para disponibilizar datos de calidad...<\/p>\r\n<a id=\"button_L2\" class=\"button_ELS\">Ver m\u00e1s<\/a>\r\n\r\n<div id=\"miMod_L2\" class=\"modal\">\r\n  <div class=\"modal-content\">\r\n    <span class=\"close_L2\">&times;<\/span>\r\n    <p class=\"p-modal\">Se plantean los desaf\u00edos y posibles soluciones para disponibilizar datos de calidad a lo largo de todos los pa\u00edses andinos que respondan a las necesidades de los Equipos Disciplinares. Se sugieren pol\u00edticas y estrategias de adquisici\u00f3n de datos inexistentes y el desarrollo de redes observacionales. \r\n\r\n<\/p>\r\n  <\/div>\r\n<\/div>\r\n<\/div>\r\n\r\n<div class=\"card6\">\r\n<h2 class=\"titulo_card\">\r\n    Modelado Hidroclim\u00e1tico\r\n\r\n\r\n<\/h2>\r\n<p class=\"p-corto\">Articula con los Equipos Disciplinares sobre las necesidades del modelado num\u00e9rico para responder sus preguntas cient\u00edficas y su interfase con la toma de decisiones...<\/p>\r\n<a id=\"button_L3\" class=\"button-azul\">Ver m\u00e1s<\/a>\r\n\r\n<div id=\"miMod_L3\" class=\"modal\">\r\n  <div class=\"modal-content\">\r\n    <span class=\"close_L3\">&times;<\/span>\r\n    <p class=\"p-modal\">Articula con los Equipos Disciplinares sobre las necesidades del modelado num\u00e9rico para responder sus preguntas cient\u00edficas y su interfase con la toma de decisiones. Se plantean pol\u00edticas y estrategias de modelizaci\u00f3n coordinada en la regi\u00f3n andina. Aborda una amplia gama de escalas espaciales y temporales, incluyendo el modelado del sistema terrestre en su conjunto (modelado atmosf\u00e9rico, hidrol\u00f3gico, hidrogeol\u00f3gico, glaciol\u00f3gico) y sus interacciones (modelos acoplados atm\u00f3sfera-oc\u00e9ano, bi\u00f3sfera-atm\u00f3sfera, hidro-glaciares, etc.).\r\n\r\n<\/p>\r\n  <\/div>\r\n<\/div>\r\n<\/div>\r\n\r\n\r\n<script>\r\n\r\n   \/\/ Obtener el bot\u00f3n y el modal\r\nvar btn_L1 = document.getElementById(\"button_L1\");\r\nvar modal_L1 = document.getElementById(\"miMod_L1\");\r\n\r\nvar btn_L2 = document.getElementById(\"button_L2\");\r\nvar modal_L2 = document.getElementById(\"miMod_L2\");\r\n\r\nvar btn_L3 = document.getElementById(\"button_L3\");\r\nvar modal_L3 = document.getElementById(\"miMod_L3\");\r\n\r\n\/\/ Obtener el elemento <span> que cierra el modal\r\nvar span_L1 = document.getElementsByClassName(\"close_L1\")[0];\r\nvar span_L2 = document.getElementsByClassName(\"close_L2\")[0];\r\nvar span_L3 = document.getElementsByClassName(\"close_L3\")[0];\r\n\r\n\/\/ Cuando el usuario hace clic en el bot\u00f3n, abre el modal\r\nbtn_L1.onclick = function() {\r\n  modal_L1.style.display = \"block\";\r\n}\r\n\r\nbtn_L2.onclick = function() {\r\n  modal_L2.style.display = \"block\";\r\n}\r\n\r\nbtn_L3.onclick = function() {\r\n  modal_L3.style.display = \"block\";\r\n}\r\n\r\n\/\/ Cuando el usuario hace clic en <span> (x), cierra el modal\r\n\r\nspan_L1.onclick = function() {\r\n  modal_L1.style.display = \"none\";\r\n}\r\n\r\nspan_L2.onclick = function() {\r\n  modal_L2.style.display = \"none\";\r\n}\r\n\r\nspan_L3.onclick = function() {\r\n  modal_L3.style.display = \"none\";\r\n}\r\n\r\n\/\/ Cuando el usuario hace clic fuera del modal, tambi\u00e9n lo cierra\r\n\r\nwindow.onclick = function(event) {\r\n  if (event.target == modal_L1) {\r\n    modal_L1.style.display = \"none\";\r\n  }\r\n\r\n  if (event.target == modal_L2) {\r\n    modal_L2.style.display = \"none\";\r\n  }\r\n\r\n  if (event.target == modal_L3) {\r\n    modal_L3.style.display = \"none\";\r\n  }\r\n}\r\n\r\n\r\n<\/script>\r\n\r\n<\/body>\r\n<\/html>\r\n\t\t\t\t<\/div>\n\t\t\t\t<\/div>\n\t\t\t\t\t<\/div>\n\t\t<\/div>\n\t\t\t\t\t<\/div>\n\t\t<\/section>\n\t\t\t\t<section class=\"elementor-section elementor-top-section elementor-element elementor-element-7275c69 elementor-section-boxed elementor-section-height-default elementor-section-height-default\" data-id=\"7275c69\" data-element_type=\"section\" id=\"servicios-integradores\">\n\t\t\t\t\t\t<div class=\"elementor-container elementor-column-gap-default\">\n\t\t\t\t\t<div class=\"elementor-column elementor-col-100 elementor-top-column elementor-element elementor-element-a477f0e\" data-id=\"a477f0e\" data-element_type=\"column\">\n\t\t\t<div class=\"elementor-widget-wrap elementor-element-populated\">\n\t\t\t\t\t\t<div class=\"elementor-element elementor-element-d33e920 elementor-widget elementor-widget-spacer\" data-id=\"d33e920\" data-element_type=\"widget\" data-widget_type=\"spacer.default\">\n\t\t\t\t<div class=\"elementor-widget-container\">\n\t\t\t\t\t\t\t<div class=\"elementor-spacer\">\n\t\t\t<div class=\"elementor-spacer-inner\"><\/div>\n\t\t<\/div>\n\t\t\t\t\t\t<\/div>\n\t\t\t\t<\/div>\n\t\t\t\t\t<\/div>\n\t\t<\/div>\n\t\t\t\t\t<\/div>\n\t\t<\/section>\n\t\t\t\t<section class=\"elementor-section elementor-top-section elementor-element elementor-element-1306a38 elementor-section-boxed elementor-section-height-default elementor-section-height-default\" data-id=\"1306a38\" data-element_type=\"section\">\n\t\t\t\t\t\t<div class=\"elementor-container elementor-column-gap-custom\">\n\t\t\t\t\t<div class=\"elementor-column elementor-col-50 elementor-top-column elementor-element elementor-element-ad93f4c\" data-id=\"ad93f4c\" data-element_type=\"column\" data-settings=\"{&quot;background_background&quot;:&quot;classic&quot;}\">\n\t\t\t<div class=\"elementor-widget-wrap elementor-element-populated\">\n\t\t\t\t\t\t<div class=\"elementor-element elementor-element-e457e8b elementor-widget elementor-widget-heading\" data-id=\"e457e8b\" data-element_type=\"widget\" id=\"servicios-integradores\" data-widget_type=\"heading.default\">\n\t\t\t\t<div class=\"elementor-widget-container\">\n\t\t\t\t\t<h2 class=\"elementor-heading-title elementor-size-medium\">Servicios Integradores<\/h2>\t\t\t\t<\/div>\n\t\t\t\t<\/div>\n\t\t\t\t<div class=\"elementor-element elementor-element-c9f6ed0 elementor-widget elementor-widget-text-editor\" data-id=\"c9f6ed0\" data-element_type=\"widget\" data-widget_type=\"text-editor.default\">\n\t\t\t\t<div class=\"elementor-widget-container\">\n\t\t\t\t\t\t\t\t\t<span style=\"font-weight: 400;font-size:18px\">Recursos y soluciones basadas en evidencia cient\u00edfica con el fin de fortalecer la resiliencia y la capacidad de adaptaci\u00f3n de los pa\u00edses andinos, as\u00ed como preservar su inigualable biodiversidad.<\/span>\t\t\t\t\t\t\t\t<\/div>\n\t\t\t\t<\/div>\n\t\t\t\t\t<\/div>\n\t\t<\/div>\n\t\t\t\t<div class=\"elementor-column elementor-col-50 elementor-top-column elementor-element elementor-element-3e0628e\" data-id=\"3e0628e\" data-element_type=\"column\" data-settings=\"{&quot;background_background&quot;:&quot;classic&quot;}\">\n\t\t\t<div class=\"elementor-widget-wrap elementor-element-populated\">\n\t\t\t\t\t\t<div class=\"elementor-element elementor-element-2c4ec7e elementor-widget elementor-widget-html\" data-id=\"2c4ec7e\" data-element_type=\"widget\" data-widget_type=\"html.default\">\n\t\t\t\t<div class=\"elementor-widget-container\">\n\t\t\t\t\t<!DOCTYPE html>\r\n<html lang=\"en\">\r\n<head>\r\n<meta charset=\"UTF-8\">\r\n<meta name=\"viewport\" content=\"width=device-width, initial-scale=1.0\">\r\n<title>Popup con un p\u00e1rrafo<\/title>\r\n<link rel=\"stylesheet\" href=\"styles.css\">\r\n<\/head>\r\n<body>\r\n    <style>\r\n       \r\n.button_ELS {\r\n  padding: 10px 20px;\r\n  background-color: #f2f2f2;\r\n  color: #264773 !important;\r\n  border-radius: 20px;\r\n  cursor: pointer;\r\n  transition: background-color 0.5s;\r\n}\r\n\r\n.button_ELS:hover {\r\n    background-color: #264773;\r\n    color: #f2f2f2 !important;\r\n}\r\n\r\n.button-azul {\r\n  padding: 10px 20px;\r\n  background-color: #f2f2f2;\r\n  color: #264773 !important;\r\n  border-radius: 20px;\r\n  cursor: pointer;\r\n  transition: background-color 0.5s;\r\n}\r\n\r\n.button-azul:hover {\r\n    background-color: #208c46;\r\n    color: #f2f2f2 !important;\r\n}\r\n\r\n\/* Estilos para el modal (popup) *\/\r\n.modal {\r\n  display: none; \r\n  position: fixed; \r\n  z-index: 1; \r\n  left: 0;\r\n  top: 0;\r\n  width: 100%; \r\n  height: 100%; \r\n  overflow: auto; \r\n  background-color: rgb(0,0,0); \r\n  background-color: rgba(0,0,0,0.4); \r\n}\r\n\r\n\/* Contenido del modal *\/\r\n.modal-content {\r\n  background-color: #fefefe;\r\n  margin: 15% auto; \r\n  padding: 20px;\r\n  border: 1px solid #888;\r\n  width: 80%; \r\n}\r\n\r\n\/* Bot\u00f3n para cerrar el modal *\/\r\n.close_S1, .close_S2, .close_S3 {\r\n  color: #208c46 !important;\r\n  position: absolute;\r\n  top: 10px;\r\n  right: 30px;\r\n  font-size: 28px;\r\n  font-weight: bold;\r\n}\r\n\r\n.close_S1:hover, \r\n.close_S1:focus,\r\n.close_S2:hover, \r\n.close_S2:focus,\r\n.close_S3:hover, \r\n.close_S3:focus {\r\n  color: #264773 !important;\r\n  text-decoration: none;\r\n  cursor: pointer;\r\n}\r\n\r\n.card4, .card5, .card6 {\r\n     padding: 3.5rem;\r\n}\r\n\r\n.card4 {\r\n    background-color: #71c6d9;\r\n}\r\n\r\n.card5 {\r\n    background-color: #208c46;\r\n}\r\n\r\n.card6 {\r\n    background-color: #264773;\r\n}\r\n\r\n.titulo_card {\r\n    color: #f2f2f2 !important;\r\n    font-size: 2rem !important;\r\n}\r\n\r\n.p-corto {\r\n    color: #f2f2f2;\r\n    font-size: 1.4rem\r\n}\r\n\r\n.p-modal {\r\n    color: #264773;\r\n}\r\n\r\n#titulo-lineas {\r\n    background-color: #f2f2f2\r\n}\r\n\r\n    <\/style>\r\n<div class=\"card4\">\r\n<h2 class=\"titulo_card\">\r\n    Plataforma de intercambio de informaci\u00f3n y datos\r\n\r\n<\/h2>\r\n<p class=\"p-corto\">Plataforma web en desarrollo que permitir\u00e1 acceder, de forma libre, gratuita e integrada, a la enorme cantidad de datos...<\/p>\r\n<a id=\"button_S1\" class=\"button_ELS\">Ver m\u00e1s<\/a>\r\n\r\n<div id=\"miMod_S1\" class=\"modal\">\r\n  <div class=\"modal-content\">\r\n    <span class=\"close_S1\">&times;<\/span>\r\n    <p class=\"p-modal\">Plataforma web en desarrollo que permitir\u00e1 acceder, de forma libre, gratuita e integrada, a la enorme cantidad de datos clim\u00e1ticos, hidrol\u00f3gicos, glaciol\u00f3gicos, de cambios en la cobertura vegetal, entre otros, que actualmente se encuentran dispersos en distintas bases de datos y regiones de los Andes. La plataforma tambi\u00e9n facilitar\u00e1 el acceso integral y organizado a los datos y simulaciones que se desarrollen en los distintos ED y las LT de ANDEX.\r\n<\/p>\r\n  <\/div>\r\n<\/div>\r\n<\/div>\r\n\r\n<div class=\"card5\">\r\n<h2 class=\"titulo_card\">\r\n   Desarrollo de Capacidades \/ Comunicaci\u00f3n\r\n\r\n<\/h2>\r\n<p class=\"p-corto\">Componente fundamental del programa cuyo objetivo es facilitar la difusi\u00f3n y transferencia de los principales resultados y hallazgos de ANDEX a la sociedad y a los tomadores de decisi\u00f3n.<\/p>\r\n<a id=\"button_S2\" class=\"button_ELS\">Ver m\u00e1s<\/a>\r\n\r\n<div id=\"miMod_S2\" class=\"modal\">\r\n  <div class=\"modal-content\">\r\n    <span class=\"close_S2\">&times;<\/span>\r\n    <p class=\"p-modal\">Componente fundamental del programa cuyo objetivo es facilitar la difusi\u00f3n y transferencia de los principales resultados y hallazgos de ANDEX a la sociedad y a los tomadores de decisi\u00f3n.\r\n\r\n<\/p>\r\n  <\/div>\r\n<\/div>\r\n<\/div>\r\n\r\n<div class=\"card6\">\r\n<h2 class=\"titulo_card\">\r\n    Coproducci\u00f3n de conocimiento\r\n\r\n\r\n<\/h2>\r\n<p class=\"p-corto\">Busca implementar procesos colaborativos de producci\u00f3n de conocimiento, que incorporen las visiones, necesidades y prioridades de distintos actores de la sociedad en el dise\u00f1o y ejecuci\u00f3n de los objetivos y trabajos de los ED y LT de ANDEX.<\/p>\r\n<a id=\"button_S3\" class=\"button-azul\">Ver m\u00e1s<\/a>\r\n\r\n<div id=\"miMod_S3\" class=\"modal\">\r\n  <div class=\"modal-content\">\r\n    <span class=\"close_S3\">&times;<\/span>\r\n    <p class=\"p-modal\">Busca implementar procesos colaborativos de producci\u00f3n de conocimiento, que incorporen las visiones, necesidades y prioridades de distintos actores de la sociedad en el dise\u00f1o y ejecuci\u00f3n de los objetivos y trabajos de los ED y LT de ANDEX.\r\n\r\n<\/p>\r\n  <\/div>\r\n<\/div>\r\n<\/div>\r\n\r\n\r\n<script>\r\n   \r\n   \/\/ Obtener el bot\u00f3n y el modal\r\nvar btn_S1 = document.getElementById(\"button_S1\");\r\nvar modal_S1 = document.getElementById(\"miMod_S1\");\r\n\r\nvar btn_S2 = document.getElementById(\"button_S2\");\r\nvar modal_S2 = document.getElementById(\"miMod_S2\");\r\n\r\nvar btn_S3 = document.getElementById(\"button_S3\");\r\nvar modal_S3 = document.getElementById(\"miMod_S3\");\r\n\r\n\/\/ Obtener el elemento <span> que cierra el modal\r\nvar span_S1 = document.getElementsByClassName(\"close_S1\")[0];\r\nvar span_S2 = document.getElementsByClassName(\"close_S2\")[0];\r\nvar span_S3 = document.getElementsByClassName(\"close_S3\")[0];\r\n\r\n\/\/ Cuando el usuario hace clic en el bot\u00f3n, abre el modal\r\nbtn_S1.onclick = function() {\r\n  modal_S1.style.display = \"block\";\r\n}\r\n\r\nbtn_S2.onclick = function() {\r\n  modal_S2.style.display = \"block\";\r\n}\r\n\r\nbtn_S3.onclick = function() {\r\n  modal_S3.style.display = \"block\";\r\n}\r\n\r\n\/\/ Cuando el usuario hace clic en <span> (x), cierra el modal\r\n\r\nspan_S1.onclick = function() {\r\n  modal_S1.style.display = \"none\";\r\n}\r\n\r\nspan_S2.onclick = function() {\r\n  modal_S2.style.display = \"none\";\r\n}\r\n\r\nspan_S3.onclick = function() {\r\n  modal_S3.style.display = \"none\";\r\n}\r\n\r\n\/\/ Cuando el usuario hace clic fuera del modal, tambi\u00e9n lo cierra\r\nwindow.onclick = function(event) {\r\n  if (event.target == modal_S1) {\r\n    modal_S1.style.display = \"none\";\r\n  }\r\n\r\n  if (event.target == modal_S2) {\r\n    modal_S2.style.display = \"none\";\r\n  }\r\n\r\n  if (event.target == modal_S3) {\r\n    modal_S3.style.display = \"none\";\r\n  }\r\n}\r\n\r\n\r\n<\/script>\r\n\r\n<\/body>\r\n<\/html>\r\n\t\t\t\t<\/div>\n\t\t\t\t<\/div>\n\t\t\t\t\t<\/div>\n\t\t<\/div>\n\t\t\t\t\t<\/div>\n\t\t<\/section>\n\t\t\t\t<\/div>\n\t\t","protected":false},"excerpt":{"rendered":"<p>Qu\u00e9 hacemos Mejorar la comprensi\u00f3n del sistema hidroclim\u00e1tico y sus impactos en los Andes La investigaci\u00f3n cient\u00edfica relacionada con la comprensi\u00f3n de las interacciones entre los procesos hidrol\u00f3gicos, meteorol\u00f3gicos y atmosf\u00e9ricos en los Andes ha logrado avances significativos en los \u00faltimos tiempos. Adem\u00e1s, los adelantos tecnol\u00f3gicos han permitido mejorar el pron\u00f3stico hidrometeorol\u00f3gico y la predicci\u00f3n [&hellip;]<\/p>\n","protected":false},"author":2,"featured_media":0,"parent":0,"menu_order":0,"comment_status":"closed","ping_status":"closed","template":"","meta":{"ocean_post_layout":"full-screen","ocean_both_sidebars_style":"","ocean_both_sidebars_content_width":0,"ocean_both_sidebars_sidebars_width":0,"ocean_sidebar":"0","ocean_second_sidebar":"0","ocean_disable_margins":"on","ocean_add_body_class":"","ocean_shortcode_before_top_bar":"","ocean_shortcode_after_top_bar":"","ocean_shortcode_before_header":"","ocean_shortcode_after_header":"","ocean_has_shortcode":"","ocean_shortcode_after_title":"","ocean_shortcode_before_footer_widgets":"","ocean_shortcode_after_footer_widgets":"","ocean_shortcode_before_footer_bottom":"","ocean_shortcode_after_footer_bottom":"","ocean_display_top_bar":"default","ocean_display_header":"default","ocean_header_style":"transparent","ocean_center_header_left_menu":"0","ocean_custom_header_template":"0","ocean_custom_logo":0,"ocean_custom_retina_logo":0,"ocean_custom_logo_max_width":0,"ocean_custom_logo_tablet_max_width":0,"ocean_custom_logo_mobile_max_width":0,"ocean_custom_logo_max_height":0,"ocean_custom_logo_tablet_max_height":0,"ocean_custom_logo_mobile_max_height":0,"ocean_header_custom_menu":"0","ocean_menu_typo_font_family":"0","ocean_menu_typo_font_subset":"","ocean_menu_typo_font_size":0,"ocean_menu_typo_font_size_tablet":0,"ocean_menu_typo_font_size_mobile":0,"ocean_menu_typo_font_size_unit":"px","ocean_menu_typo_font_weight":"","ocean_menu_typo_font_weight_tablet":"","ocean_menu_typo_font_weight_mobile":"","ocean_menu_typo_transform":"","ocean_menu_typo_transform_tablet":"","ocean_menu_typo_transform_mobile":"","ocean_menu_typo_line_height":0,"ocean_menu_typo_line_height_tablet":0,"ocean_menu_typo_line_height_mobile":0,"ocean_menu_typo_line_height_unit":"","ocean_menu_typo_spacing":0,"ocean_menu_typo_spacing_tablet":0,"ocean_menu_typo_spacing_mobile":0,"ocean_menu_typo_spacing_unit":"","ocean_menu_link_color":"#ffffff","ocean_menu_link_color_hover":"#6e8fef","ocean_menu_link_color_active":"#ffffff","ocean_menu_link_background":"","ocean_menu_link_hover_background":"","ocean_menu_link_active_background":"","ocean_menu_social_links_bg":"","ocean_menu_social_hover_links_bg":"","ocean_menu_social_links_color":"#ffffff","ocean_menu_social_hover_links_color":"#6e8fef","ocean_disable_title":"on","ocean_disable_heading":"default","ocean_post_title":"","ocean_post_subheading":"","ocean_post_title_style":"","ocean_post_title_background_color":"","ocean_post_title_background":0,"ocean_post_title_bg_image_position":"","ocean_post_title_bg_image_attachment":"","ocean_post_title_bg_image_repeat":"","ocean_post_title_bg_image_size":"","ocean_post_title_height":0,"ocean_post_title_bg_overlay":0.5,"ocean_post_title_bg_overlay_color":"","ocean_disable_breadcrumbs":"off","ocean_breadcrumbs_color":"","ocean_breadcrumbs_separator_color":"","ocean_breadcrumbs_links_color":"","ocean_breadcrumbs_links_hover_color":"","ocean_display_footer_widgets":"default","ocean_display_footer_bottom":"default","ocean_custom_footer_template":"0","footnotes":""},"class_list":["post-619","page","type-page","status-publish","hentry","entry"],"yoast_head":"<!-- This site is optimized with the Yoast SEO plugin v26.8 - https:\/\/yoast.com\/product\/yoast-seo-wordpress\/ -->\n<title>Qu\u00e9 hacemos - Programa Hidroclim\u00e1tico Regional para los Andes<\/title>\n<meta name=\"robots\" content=\"index, follow, max-snippet:-1, max-image-preview:large, max-video-preview:-1\" \/>\n<link rel=\"canonical\" href=\"https:\/\/www.andex-rhp.org\/?page_id=619\" \/>\n<meta property=\"og:locale\" content=\"en_US\" \/>\n<meta property=\"og:type\" content=\"article\" \/>\n<meta property=\"og:title\" content=\"Qu\u00e9 hacemos - Programa Hidroclim\u00e1tico Regional para los Andes\" \/>\n<meta property=\"og:description\" content=\"Qu\u00e9 hacemos Mejorar la comprensi\u00f3n del sistema hidroclim\u00e1tico y sus impactos en los Andes La investigaci\u00f3n cient\u00edfica relacionada con la comprensi\u00f3n de las interacciones entre los procesos hidrol\u00f3gicos, meteorol\u00f3gicos y atmosf\u00e9ricos en los Andes ha logrado avances significativos en los \u00faltimos tiempos. Adem\u00e1s, los adelantos tecnol\u00f3gicos han permitido mejorar el pron\u00f3stico hidrometeorol\u00f3gico y la predicci\u00f3n [&hellip;]\" \/>\n<meta property=\"og:url\" content=\"https:\/\/www.andex-rhp.org\/?page_id=619\" \/>\n<meta property=\"og:site_name\" content=\"Programa Hidroclim\u00e1tico Regional para los Andes\" \/>\n<meta property=\"article:modified_time\" content=\"2024-04-09T13:05:11+00:00\" \/>\n<meta property=\"og:image\" content=\"https:\/\/andex.cr2.cl\/wp-content\/uploads\/2024\/03\/QueHacemos_fig1-768x768.png\" \/>\n<meta name=\"twitter:card\" content=\"summary_large_image\" \/>\n<meta name=\"twitter:label1\" content=\"Est. reading time\" \/>\n\t<meta name=\"twitter:data1\" content=\"6 minutes\" \/>\n<script type=\"application\/ld+json\" class=\"yoast-schema-graph\">{\"@context\":\"https:\/\/schema.org\",\"@graph\":[{\"@type\":\"WebPage\",\"@id\":\"https:\/\/www.andex-rhp.org\/?page_id=619\",\"url\":\"https:\/\/www.andex-rhp.org\/?page_id=619\",\"name\":\"Qu\u00e9 hacemos - Programa Hidroclim\u00e1tico Regional para los Andes\",\"isPartOf\":{\"@id\":\"https:\/\/www.andex-rhp.org\/#website\"},\"primaryImageOfPage\":{\"@id\":\"https:\/\/www.andex-rhp.org\/?page_id=619#primaryimage\"},\"image\":{\"@id\":\"https:\/\/www.andex-rhp.org\/?page_id=619#primaryimage\"},\"thumbnailUrl\":\"https:\/\/andex.cr2.cl\/wp-content\/uploads\/2024\/03\/QueHacemos_fig1-768x768.png\",\"datePublished\":\"2022-04-25T01:40:02+00:00\",\"dateModified\":\"2024-04-09T13:05:11+00:00\",\"breadcrumb\":{\"@id\":\"https:\/\/www.andex-rhp.org\/?page_id=619#breadcrumb\"},\"inLanguage\":\"en-US\",\"potentialAction\":[{\"@type\":\"ReadAction\",\"target\":[\"https:\/\/www.andex-rhp.org\/?page_id=619\"]}]},{\"@type\":\"ImageObject\",\"inLanguage\":\"en-US\",\"@id\":\"https:\/\/www.andex-rhp.org\/?page_id=619#primaryimage\",\"url\":\"https:\/\/andex.cr2.cl\/wp-content\/uploads\/2024\/03\/QueHacemos_fig1-768x768.png\",\"contentUrl\":\"https:\/\/andex.cr2.cl\/wp-content\/uploads\/2024\/03\/QueHacemos_fig1-768x768.png\"},{\"@type\":\"BreadcrumbList\",\"@id\":\"https:\/\/www.andex-rhp.org\/?page_id=619#breadcrumb\",\"itemListElement\":[{\"@type\":\"ListItem\",\"position\":1,\"name\":\"Home\",\"item\":\"https:\/\/www.andex-rhp.org\/\"},{\"@type\":\"ListItem\",\"position\":2,\"name\":\"Qu\u00e9 hacemos\"}]},{\"@type\":\"WebSite\",\"@id\":\"https:\/\/www.andex-rhp.org\/#website\",\"url\":\"https:\/\/www.andex-rhp.org\/\",\"name\":\"Programa Hidroclim\u00e1tico Regional para los Andes\",\"description\":\"ANDEX\",\"publisher\":{\"@id\":\"https:\/\/www.andex-rhp.org\/#organization\"},\"potentialAction\":[{\"@type\":\"SearchAction\",\"target\":{\"@type\":\"EntryPoint\",\"urlTemplate\":\"https:\/\/www.andex-rhp.org\/?s={search_term_string}\"},\"query-input\":{\"@type\":\"PropertyValueSpecification\",\"valueRequired\":true,\"valueName\":\"search_term_string\"}}],\"inLanguage\":\"en-US\"},{\"@type\":\"Organization\",\"@id\":\"https:\/\/www.andex-rhp.org\/#organization\",\"name\":\"Programa Hidroclim\u00e1tico Regional para los Andes\",\"url\":\"https:\/\/www.andex-rhp.org\/\",\"logo\":{\"@type\":\"ImageObject\",\"inLanguage\":\"en-US\",\"@id\":\"https:\/\/www.andex-rhp.org\/#\/schema\/logo\/image\/\",\"url\":\"https:\/\/www.andex-rhp.org\/wp-content\/uploads\/2024\/04\/cropped-cropped-logo_ANDEX_color_trans1.png\",\"contentUrl\":\"https:\/\/www.andex-rhp.org\/wp-content\/uploads\/2024\/04\/cropped-cropped-logo_ANDEX_color_trans1.png\",\"width\":555,\"height\":444,\"caption\":\"Programa Hidroclim\u00e1tico Regional para los Andes\"},\"image\":{\"@id\":\"https:\/\/www.andex-rhp.org\/#\/schema\/logo\/image\/\"}}]}<\/script>\n<!-- \/ Yoast SEO plugin. -->","yoast_head_json":{"title":"Qu\u00e9 hacemos - Programa Hidroclim\u00e1tico Regional para los Andes","robots":{"index":"index","follow":"follow","max-snippet":"max-snippet:-1","max-image-preview":"max-image-preview:large","max-video-preview":"max-video-preview:-1"},"canonical":"https:\/\/www.andex-rhp.org\/?page_id=619","og_locale":"en_US","og_type":"article","og_title":"Qu\u00e9 hacemos - Programa Hidroclim\u00e1tico Regional para los Andes","og_description":"Qu\u00e9 hacemos Mejorar la comprensi\u00f3n del sistema hidroclim\u00e1tico y sus impactos en los Andes La investigaci\u00f3n cient\u00edfica relacionada con la comprensi\u00f3n de las interacciones entre los procesos hidrol\u00f3gicos, meteorol\u00f3gicos y atmosf\u00e9ricos en los Andes ha logrado avances significativos en los \u00faltimos tiempos. Adem\u00e1s, los adelantos tecnol\u00f3gicos han permitido mejorar el pron\u00f3stico hidrometeorol\u00f3gico y la predicci\u00f3n [&hellip;]","og_url":"https:\/\/www.andex-rhp.org\/?page_id=619","og_site_name":"Programa Hidroclim\u00e1tico Regional para los Andes","article_modified_time":"2024-04-09T13:05:11+00:00","og_image":[{"url":"https:\/\/andex.cr2.cl\/wp-content\/uploads\/2024\/03\/QueHacemos_fig1-768x768.png","type":"","width":"","height":""}],"twitter_card":"summary_large_image","twitter_misc":{"Est. reading time":"6 minutes"},"schema":{"@context":"https:\/\/schema.org","@graph":[{"@type":"WebPage","@id":"https:\/\/www.andex-rhp.org\/?page_id=619","url":"https:\/\/www.andex-rhp.org\/?page_id=619","name":"Qu\u00e9 hacemos - Programa Hidroclim\u00e1tico Regional para los Andes","isPartOf":{"@id":"https:\/\/www.andex-rhp.org\/#website"},"primaryImageOfPage":{"@id":"https:\/\/www.andex-rhp.org\/?page_id=619#primaryimage"},"image":{"@id":"https:\/\/www.andex-rhp.org\/?page_id=619#primaryimage"},"thumbnailUrl":"https:\/\/andex.cr2.cl\/wp-content\/uploads\/2024\/03\/QueHacemos_fig1-768x768.png","datePublished":"2022-04-25T01:40:02+00:00","dateModified":"2024-04-09T13:05:11+00:00","breadcrumb":{"@id":"https:\/\/www.andex-rhp.org\/?page_id=619#breadcrumb"},"inLanguage":"en-US","potentialAction":[{"@type":"ReadAction","target":["https:\/\/www.andex-rhp.org\/?page_id=619"]}]},{"@type":"ImageObject","inLanguage":"en-US","@id":"https:\/\/www.andex-rhp.org\/?page_id=619#primaryimage","url":"https:\/\/andex.cr2.cl\/wp-content\/uploads\/2024\/03\/QueHacemos_fig1-768x768.png","contentUrl":"https:\/\/andex.cr2.cl\/wp-content\/uploads\/2024\/03\/QueHacemos_fig1-768x768.png"},{"@type":"BreadcrumbList","@id":"https:\/\/www.andex-rhp.org\/?page_id=619#breadcrumb","itemListElement":[{"@type":"ListItem","position":1,"name":"Home","item":"https:\/\/www.andex-rhp.org\/"},{"@type":"ListItem","position":2,"name":"Qu\u00e9 hacemos"}]},{"@type":"WebSite","@id":"https:\/\/www.andex-rhp.org\/#website","url":"https:\/\/www.andex-rhp.org\/","name":"Programa Hidroclim\u00e1tico Regional para los Andes","description":"ANDEX","publisher":{"@id":"https:\/\/www.andex-rhp.org\/#organization"},"potentialAction":[{"@type":"SearchAction","target":{"@type":"EntryPoint","urlTemplate":"https:\/\/www.andex-rhp.org\/?s={search_term_string}"},"query-input":{"@type":"PropertyValueSpecification","valueRequired":true,"valueName":"search_term_string"}}],"inLanguage":"en-US"},{"@type":"Organization","@id":"https:\/\/www.andex-rhp.org\/#organization","name":"Programa Hidroclim\u00e1tico Regional para los Andes","url":"https:\/\/www.andex-rhp.org\/","logo":{"@type":"ImageObject","inLanguage":"en-US","@id":"https:\/\/www.andex-rhp.org\/#\/schema\/logo\/image\/","url":"https:\/\/www.andex-rhp.org\/wp-content\/uploads\/2024\/04\/cropped-cropped-logo_ANDEX_color_trans1.png","contentUrl":"https:\/\/www.andex-rhp.org\/wp-content\/uploads\/2024\/04\/cropped-cropped-logo_ANDEX_color_trans1.png","width":555,"height":444,"caption":"Programa Hidroclim\u00e1tico Regional para los Andes"},"image":{"@id":"https:\/\/www.andex-rhp.org\/#\/schema\/logo\/image\/"}}]}},"_links":{"self":[{"href":"https:\/\/www.andex-rhp.org\/index.php?rest_route=\/wp\/v2\/pages\/619","targetHints":{"allow":["GET"]}}],"collection":[{"href":"https:\/\/www.andex-rhp.org\/index.php?rest_route=\/wp\/v2\/pages"}],"about":[{"href":"https:\/\/www.andex-rhp.org\/index.php?rest_route=\/wp\/v2\/types\/page"}],"author":[{"embeddable":true,"href":"https:\/\/www.andex-rhp.org\/index.php?rest_route=\/wp\/v2\/users\/2"}],"replies":[{"embeddable":true,"href":"https:\/\/www.andex-rhp.org\/index.php?rest_route=%2Fwp%2Fv2%2Fcomments&post=619"}],"version-history":[{"count":564,"href":"https:\/\/www.andex-rhp.org\/index.php?rest_route=\/wp\/v2\/pages\/619\/revisions"}],"predecessor-version":[{"id":3812,"href":"https:\/\/www.andex-rhp.org\/index.php?rest_route=\/wp\/v2\/pages\/619\/revisions\/3812"}],"wp:attachment":[{"href":"https:\/\/www.andex-rhp.org\/index.php?rest_route=%2Fwp%2Fv2%2Fmedia&parent=619"}],"curies":[{"name":"wp","href":"https:\/\/api.w.org\/{rel}","templated":true}]}}